{"id":21873,"date":"2024-12-19T13:10:04","date_gmt":"2024-12-19T16:10:04","guid":{"rendered":"https:\/\/tienda.test.rigelec.com.ar\/?product=lampara-led-luz-fria-e27-a60-11-5w-1100lm"},"modified":"2026-05-01T00:42:34","modified_gmt":"2026-05-01T03:42:34","slug":"lampara-led-macroled-a60-e27-11-5w-luz-fria-1100lm","status":"publish","type":"product","link":"https:\/\/tienda.rigelec.com.ar\/?product=lampara-led-macroled-a60-e27-11-5w-luz-fria-1100lm","title":{"rendered":"LAMPARA LED LUZ FRIA E27 &#8211; A60 11.5W &#8211; 1100LM"},"content":{"rendered":"<p data-start=\"191\" data-end=\"532\">La <strong data-start=\"194\" data-end=\"241\">L\u00e1mpara LED Macroled A60 E27 11.5W Luz Fr\u00eda<\/strong> combina <strong data-start=\"250\" data-end=\"294\">alto rendimiento lum\u00ednico y bajo consumo<\/strong>. Con <strong data-start=\"300\" data-end=\"316\">1100 l\u00famenes<\/strong>, equivale a una l\u00e1mpara incandescente de 100W, ofreciendo una iluminaci\u00f3n clara y uniforme. Su dise\u00f1o est\u00e1ndar con casquillo <strong data-start=\"442\" data-end=\"449\">E27<\/strong> asegura una instalaci\u00f3n r\u00e1pida y compatible con la mayor\u00eda de los portal\u00e1mparas.<\/p>\n<h2 data-start=\"539\" data-end=\"571\">Caracter\u00edsticas<\/h2>\n<ul data-start=\"572\" data-end=\"1072\">\n<li data-start=\"572\" data-end=\"595\">\n<p data-start=\"574\" data-end=\"595\"><strong data-start=\"574\" data-end=\"584\">Marca:<\/strong> Macroled<\/p>\n<\/li>\n<li data-start=\"596\" data-end=\"627\">\n<p data-start=\"598\" data-end=\"627\"><strong data-start=\"598\" data-end=\"609\">Modelo:<\/strong> L\u00e1mpara LED A60<\/p>\n<\/li>\n<li data-start=\"628\" data-end=\"651\">\n<p data-start=\"630\" data-end=\"651\"><strong data-start=\"630\" data-end=\"643\">Potencia:<\/strong> 11.5W<\/p>\n<\/li>\n<li data-start=\"652\" data-end=\"688\">\n<p data-start=\"654\" data-end=\"688\"><strong data-start=\"654\" data-end=\"673\">Flujo luminoso:<\/strong> 1100 l\u00famenes<\/p>\n<\/li>\n<li data-start=\"689\" data-end=\"742\">\n<p data-start=\"691\" data-end=\"742\"><strong data-start=\"691\" data-end=\"716\">Temperatura de color:<\/strong> Luz Fr\u00eda (6500K aprox.)<\/p>\n<\/li>\n<li data-start=\"743\" data-end=\"774\">\n<p data-start=\"745\" data-end=\"774\"><strong data-start=\"745\" data-end=\"759\">Casquillo:<\/strong> E27 est\u00e1ndar<\/p>\n<\/li>\n<li data-start=\"775\" data-end=\"807\">\n<p data-start=\"777\" data-end=\"807\"><strong data-start=\"777\" data-end=\"800\">\u00c1ngulo de apertura:<\/strong> 200\u00b0<\/p>\n<\/li>\n<li data-start=\"808\" data-end=\"841\">\n<p data-start=\"810\" data-end=\"841\"><strong data-start=\"810\" data-end=\"827\">Alimentaci\u00f3n:<\/strong> 220V \u2013 50Hz<\/p>\n<\/li>\n<li data-start=\"842\" data-end=\"880\">\n<p data-start=\"844\" data-end=\"880\"><strong data-start=\"844\" data-end=\"858\">Vida \u00fatil:<\/strong> 25.000 horas aprox.<\/p>\n<\/li>\n<li data-start=\"881\" data-end=\"920\">\n<p data-start=\"883\" data-end=\"920\"><strong data-start=\"883\" data-end=\"909\">Eficiencia energ\u00e9tica:<\/strong> Clase A+<\/p>\n<\/li>\n<li data-start=\"921\" data-end=\"981\">\n<p data-start=\"923\" data-end=\"981\"><strong data-start=\"923\" data-end=\"936\">Material:<\/strong> Pl\u00e1stico con disipador interno de aluminio<\/p>\n<\/li>\n<li data-start=\"982\" data-end=\"1015\">\n<p data-start=\"984\" data-end=\"1015\"><strong data-start=\"984\" data-end=\"1010\">Encendido instant\u00e1neo:<\/strong> S\u00ed<\/p>\n<\/li>\n<li data-start=\"1016\" data-end=\"1072\">\n<p data-start=\"1018\" data-end=\"1072\"><strong data-start=\"1018\" data-end=\"1034\">Dimensiones:<\/strong> aprox. 60 mm di\u00e1metro x 110 mm alto<\/p>\n<\/li>\n<\/ul>\n<h2 data-start=\"1079\" data-end=\"1112\">Aplicaciones recomendadas<\/h2>\n<ul data-start=\"1113\" data-end=\"1400\">\n<li data-start=\"1113\" data-end=\"1176\">\n<p data-start=\"1115\" data-end=\"1176\"><strong data-start=\"1115\" data-end=\"1126\">Hogares<\/strong>: cocinas, salas de estar, comedores y pasillos.<\/p>\n<\/li>\n<li data-start=\"1177\" data-end=\"1252\">\n<p data-start=\"1179\" data-end=\"1252\"><strong data-start=\"1179\" data-end=\"1191\">Oficinas<\/strong>: escritorios, iluminaci\u00f3n general de ambientes de trabajo.<\/p>\n<\/li>\n<li data-start=\"1253\" data-end=\"1326\">\n<p data-start=\"1255\" data-end=\"1326\"><strong data-start=\"1255\" data-end=\"1278\">Locales comerciales<\/strong>: mostradores, g\u00f3ndolas y zonas de exhibici\u00f3n.<\/p>\n<\/li>\n<li data-start=\"1327\" data-end=\"1400\">\n<p data-start=\"1329\" data-end=\"1400\"><strong data-start=\"1329\" data-end=\"1349\">Espacios comunes<\/strong>: halls de entrada, pasillos y \u00e1reas de tr\u00e1nsito.<\/p>\n<\/li>\n<\/ul>\n<p><a href=\"https:\/\/www.macroled.com.ar\/lamparas\/7428325568372\">https:\/\/www.macroled.com.ar\/lamparas\/7428325568372<\/a><\/p>\n<p>&nbsp;<\/p>\n","protected":false},"excerpt":{"rendered":"<p>Potencia: 11.5W<br \/>\nTensi\u00f3n: AC180-240V<br \/>\nReemplazo: Incandescente 90W<br \/>\nConector: E27<br \/>\nCorriente: 109mA<br \/>\nFactor de Potencia: 0.5<br \/>\nProtecci\u00f3n IP: IP20<br \/>\nProtecci\u00f3n IK: IK00<br \/>\nFunci\u00f3n Dimeable: No<br \/>\n\u00c1ngulo de Apertura: 220\u00b0<br \/>\nMaterial del Cuerpo: PC y Aluminio<br \/>\nMaterial del Lente: Policarbonato<br \/>\nTipo de Chip: 2835 &#8211; 12pcs<br \/>\nTipo de Blanco: Fr\u00edo 6500k<br \/>\nFlujo Luminoso: 1100lm<br \/>\nFrecuencia: 50-60Hz<br \/>\nAnti-High-Volt: 1500V<br \/>\nEMC: Si<br \/>\nClase 2<br \/>\nVida \u00datil (horas): 15.000hs<br \/>\nSDCM: 6<br \/>\nTemperatura de Trabajo: -20\u00b0 +40\u00b0<br \/>\nR9: Alto<br \/>\nCRI: 80Ra<br \/>\nIC Driver: Si<br \/>\nL\u00famenes por Watt: 90 lm x W<\/p>\n","protected":false},"featured_media":21874,"comment_status":"open","ping_status":"closed","template":"","meta":{"_monsterinsights_skip_tracking":false,"_monsterinsights_sitenote_active":false,"_monsterinsights_sitenote_note":"","_monsterinsights_sitenote_category":0},"product_brand":[],"product_cat":[214],"product_tag":[146],"class_list":{"0":"post-21873","1":"product","2":"type-product","3":"status-publish","4":"has-post-thumbnail","6":"product_cat-i-lamparas","7":"product_tag-macroled","9":"first","10":"instock","11":"shipping-taxable","12":"purchasable","13":"product-type-simple"},"yoast_head":"<!-- This site is optimized with the Yoast SEO plugin v25.3.1 - https:\/\/yoast.com\/wordpress\/plugins\/seo\/ -->\n<title>Tienda Rigelec L\u00e1mpara LED Macroled A60 E27 11.5W Luz Fr\u00eda \u2013 1100lm<\/title>\n<meta name=\"description\" content=\"L\u00e1mpara LED Macroled A60 E27 11.5W luz fr\u00eda. 1100 l\u00famenes con bajo consumo energ\u00e9tico. Ideal para hogares, oficinas y locales comerciales.\" \/>\n<meta name=\"robots\" content=\"index, follow, max-snippet:-1, max-image-preview:large, max-video-preview:-1\" \/>\n<link rel=\"canonical\" href=\"https:\/\/tienda.rigelec.com.ar\/?product=lampara-led-macroled-a60-e27-11-5w-luz-fria-1100lm\" \/>\n<meta property=\"og:locale\" content=\"es_ES\" \/>\n<meta property=\"og:type\" content=\"article\" \/>\n<meta property=\"og:title\" content=\"Tienda Rigelec L\u00e1mpara LED Macroled A60 E27 11.5W Luz Fr\u00eda \u2013 1100lm\" \/>\n<meta property=\"og:description\" content=\"L\u00e1mpara LED Macroled A60 E27 11.5W luz fr\u00eda. 1100 l\u00famenes con bajo consumo energ\u00e9tico. Ideal para hogares, oficinas y locales comerciales.\" \/>\n<meta property=\"og:url\" content=\"https:\/\/tienda.rigelec.com.ar\/?product=lampara-led-macroled-a60-e27-11-5w-luz-fria-1100lm\" \/>\n<meta property=\"og:site_name\" content=\"Tienda Rigelec\" \/>\n<meta property=\"article:modified_time\" content=\"2026-05-01T03:42:34+00:00\" \/>\n<meta property=\"og:image\" content=\"https:\/\/tienda.rigelec.com.ar\/wp-content\/uploads\/2024\/12\/LAMPARALEDLUZFRIA-11.jpg\" \/>\n\t<meta property=\"og:image:width\" content=\"942\" \/>\n\t<meta property=\"og:image:height\" content=\"957\" \/>\n\t<meta property=\"og:image:type\" content=\"image\/jpeg\" \/>\n<meta name=\"twitter:card\" content=\"summary_large_image\" \/>\n<meta name=\"twitter:label1\" content=\"Tiempo de lectura\" \/>\n\t<meta name=\"twitter:data1\" content=\"1 minuto\" \/>\n<script type=\"application\/ld+json\" class=\"yoast-schema-graph\">{\"@context\":\"https:\/\/schema.org\",\"@graph\":[{\"@type\":\"WebPage\",\"@id\":\"https:\/\/tienda.rigelec.com.ar\/?product=lampara-led-macroled-a60-e27-11-5w-luz-fria-1100lm\",\"url\":\"https:\/\/tienda.rigelec.com.ar\/?product=lampara-led-macroled-a60-e27-11-5w-luz-fria-1100lm\",\"name\":\"Tienda Rigelec L\u00e1mpara LED Macroled A60 E27 11.5W Luz Fr\u00eda \u2013 1100lm\",\"isPartOf\":{\"@id\":\"https:\/\/tienda.rigelec.com.ar\/#website\"},\"primaryImageOfPage\":{\"@id\":\"https:\/\/tienda.rigelec.com.ar\/?product=lampara-led-macroled-a60-e27-11-5w-luz-fria-1100lm#primaryimage\"},\"image\":{\"@id\":\"https:\/\/tienda.rigelec.com.ar\/?product=lampara-led-macroled-a60-e27-11-5w-luz-fria-1100lm#primaryimage\"},\"thumbnailUrl\":\"https:\/\/tienda.rigelec.com.ar\/wp-content\/uploads\/2024\/12\/LAMPARALEDLUZFRIA-11.jpg\",\"datePublished\":\"2024-12-19T16:10:04+00:00\",\"dateModified\":\"2026-05-01T03:42:34+00:00\",\"description\":\"L\u00e1mpara LED Macroled A60 E27 11.5W luz fr\u00eda. 1100 l\u00famenes con bajo consumo energ\u00e9tico. Ideal para hogares, oficinas y locales comerciales.\",\"breadcrumb\":{\"@id\":\"https:\/\/tienda.rigelec.com.ar\/?product=lampara-led-macroled-a60-e27-11-5w-luz-fria-1100lm#breadcrumb\"},\"inLanguage\":\"es-AR\",\"potentialAction\":[{\"@type\":\"ReadAction\",\"target\":[\"https:\/\/tienda.rigelec.com.ar\/?product=lampara-led-macroled-a60-e27-11-5w-luz-fria-1100lm\"]}]},{\"@type\":\"ImageObject\",\"inLanguage\":\"es-AR\",\"@id\":\"https:\/\/tienda.rigelec.com.ar\/?product=lampara-led-macroled-a60-e27-11-5w-luz-fria-1100lm#primaryimage\",\"url\":\"https:\/\/tienda.rigelec.com.ar\/wp-content\/uploads\/2024\/12\/LAMPARALEDLUZFRIA-11.jpg\",\"contentUrl\":\"https:\/\/tienda.rigelec.com.ar\/wp-content\/uploads\/2024\/12\/LAMPARALEDLUZFRIA-11.jpg\",\"width\":942,\"height\":957},{\"@type\":\"BreadcrumbList\",\"@id\":\"https:\/\/tienda.rigelec.com.ar\/?product=lampara-led-macroled-a60-e27-11-5w-luz-fria-1100lm#breadcrumb\",\"itemListElement\":[{\"@type\":\"ListItem\",\"position\":1,\"name\":\"Inicio\",\"item\":\"https:\/\/tienda.rigelec.com.ar\/\"},{\"@type\":\"ListItem\",\"position\":2,\"name\":\"Shop\",\"item\":\"https:\/\/tienda.rigelec.com.ar\/?page_id=12\"},{\"@type\":\"ListItem\",\"position\":3,\"name\":\"LAMPARA LED LUZ FRIA E27 &#8211; A60 11.5W &#8211; 1100LM\"}]},{\"@type\":\"WebSite\",\"@id\":\"https:\/\/tienda.rigelec.com.ar\/#website\",\"url\":\"https:\/\/tienda.rigelec.com.ar\/\",\"name\":\"Tienda Rigelec\",\"description\":\"Energia en movimiento\",\"publisher\":{\"@id\":\"https:\/\/tienda.rigelec.com.ar\/#organization\"},\"potentialAction\":[{\"@type\":\"SearchAction\",\"target\":{\"@type\":\"EntryPoint\",\"urlTemplate\":\"https:\/\/tienda.rigelec.com.ar\/?s={search_term_string}\"},\"query-input\":{\"@type\":\"PropertyValueSpecification\",\"valueRequired\":true,\"valueName\":\"search_term_string\"}}],\"inLanguage\":\"es-AR\"},{\"@type\":\"Organization\",\"@id\":\"https:\/\/tienda.rigelec.com.ar\/#organization\",\"name\":\"Tienda Rigelec\",\"url\":\"https:\/\/tienda.rigelec.com.ar\/\",\"logo\":{\"@type\":\"ImageObject\",\"inLanguage\":\"es-AR\",\"@id\":\"https:\/\/tienda.rigelec.com.ar\/#\/schema\/logo\/image\/\",\"url\":\"https:\/\/tienda.rigelec.com.ar\/wp-content\/uploads\/2024\/09\/isologo-blanco-rigelec.png\",\"contentUrl\":\"https:\/\/tienda.rigelec.com.ar\/wp-content\/uploads\/2024\/09\/isologo-blanco-rigelec.png\",\"width\":94,\"height\":97,\"caption\":\"Tienda Rigelec\"},\"image\":{\"@id\":\"https:\/\/tienda.rigelec.com.ar\/#\/schema\/logo\/image\/\"}}]}<\/script>\n<!-- \/ Yoast SEO plugin. -->","yoast_head_json":{"title":"Tienda Rigelec L\u00e1mpara LED Macroled A60 E27 11.5W Luz Fr\u00eda \u2013 1100lm","description":"L\u00e1mpara LED Macroled A60 E27 11.5W luz fr\u00eda. 1100 l\u00famenes con bajo consumo energ\u00e9tico. Ideal para hogares, oficinas y locales comerciales.","robots":{"index":"index","follow":"follow","max-snippet":"max-snippet:-1","max-image-preview":"max-image-preview:large","max-video-preview":"max-video-preview:-1"},"canonical":"https:\/\/tienda.rigelec.com.ar\/?product=lampara-led-macroled-a60-e27-11-5w-luz-fria-1100lm","og_locale":"es_ES","og_type":"article","og_title":"Tienda Rigelec L\u00e1mpara LED Macroled A60 E27 11.5W Luz Fr\u00eda \u2013 1100lm","og_description":"L\u00e1mpara LED Macroled A60 E27 11.5W luz fr\u00eda. 1100 l\u00famenes con bajo consumo energ\u00e9tico. Ideal para hogares, oficinas y locales comerciales.","og_url":"https:\/\/tienda.rigelec.com.ar\/?product=lampara-led-macroled-a60-e27-11-5w-luz-fria-1100lm","og_site_name":"Tienda Rigelec","article_modified_time":"2026-05-01T03:42:34+00:00","og_image":[{"width":942,"height":957,"url":"https:\/\/tienda.rigelec.com.ar\/wp-content\/uploads\/2024\/12\/LAMPARALEDLUZFRIA-11.jpg","type":"image\/jpeg"}],"twitter_card":"summary_large_image","twitter_misc":{"Tiempo de lectura":"1 minuto"},"schema":{"@context":"https:\/\/schema.org","@graph":[{"@type":"WebPage","@id":"https:\/\/tienda.rigelec.com.ar\/?product=lampara-led-macroled-a60-e27-11-5w-luz-fria-1100lm","url":"https:\/\/tienda.rigelec.com.ar\/?product=lampara-led-macroled-a60-e27-11-5w-luz-fria-1100lm","name":"Tienda Rigelec L\u00e1mpara LED Macroled A60 E27 11.5W Luz Fr\u00eda \u2013 1100lm","isPartOf":{"@id":"https:\/\/tienda.rigelec.com.ar\/#website"},"primaryImageOfPage":{"@id":"https:\/\/tienda.rigelec.com.ar\/?product=lampara-led-macroled-a60-e27-11-5w-luz-fria-1100lm#primaryimage"},"image":{"@id":"https:\/\/tienda.rigelec.com.ar\/?product=lampara-led-macroled-a60-e27-11-5w-luz-fria-1100lm#primaryimage"},"thumbnailUrl":"https:\/\/tienda.rigelec.com.ar\/wp-content\/uploads\/2024\/12\/LAMPARALEDLUZFRIA-11.jpg","datePublished":"2024-12-19T16:10:04+00:00","dateModified":"2026-05-01T03:42:34+00:00","description":"L\u00e1mpara LED Macroled A60 E27 11.5W luz fr\u00eda. 1100 l\u00famenes con bajo consumo energ\u00e9tico. Ideal para hogares, oficinas y locales comerciales.","breadcrumb":{"@id":"https:\/\/tienda.rigelec.com.ar\/?product=lampara-led-macroled-a60-e27-11-5w-luz-fria-1100lm#breadcrumb"},"inLanguage":"es-AR","potentialAction":[{"@type":"ReadAction","target":["https:\/\/tienda.rigelec.com.ar\/?product=lampara-led-macroled-a60-e27-11-5w-luz-fria-1100lm"]}]},{"@type":"ImageObject","inLanguage":"es-AR","@id":"https:\/\/tienda.rigelec.com.ar\/?product=lampara-led-macroled-a60-e27-11-5w-luz-fria-1100lm#primaryimage","url":"https:\/\/tienda.rigelec.com.ar\/wp-content\/uploads\/2024\/12\/LAMPARALEDLUZFRIA-11.jpg","contentUrl":"https:\/\/tienda.rigelec.com.ar\/wp-content\/uploads\/2024\/12\/LAMPARALEDLUZFRIA-11.jpg","width":942,"height":957},{"@type":"BreadcrumbList","@id":"https:\/\/tienda.rigelec.com.ar\/?product=lampara-led-macroled-a60-e27-11-5w-luz-fria-1100lm#breadcrumb","itemListElement":[{"@type":"ListItem","position":1,"name":"Inicio","item":"https:\/\/tienda.rigelec.com.ar\/"},{"@type":"ListItem","position":2,"name":"Shop","item":"https:\/\/tienda.rigelec.com.ar\/?page_id=12"},{"@type":"ListItem","position":3,"name":"LAMPARA LED LUZ FRIA E27 &#8211; A60 11.5W &#8211; 1100LM"}]},{"@type":"WebSite","@id":"https:\/\/tienda.rigelec.com.ar\/#website","url":"https:\/\/tienda.rigelec.com.ar\/","name":"Tienda Rigelec","description":"Energia en movimiento","publisher":{"@id":"https:\/\/tienda.rigelec.com.ar\/#organization"},"potentialAction":[{"@type":"SearchAction","target":{"@type":"EntryPoint","urlTemplate":"https:\/\/tienda.rigelec.com.ar\/?s={search_term_string}"},"query-input":{"@type":"PropertyValueSpecification","valueRequired":true,"valueName":"search_term_string"}}],"inLanguage":"es-AR"},{"@type":"Organization","@id":"https:\/\/tienda.rigelec.com.ar\/#organization","name":"Tienda Rigelec","url":"https:\/\/tienda.rigelec.com.ar\/","logo":{"@type":"ImageObject","inLanguage":"es-AR","@id":"https:\/\/tienda.rigelec.com.ar\/#\/schema\/logo\/image\/","url":"https:\/\/tienda.rigelec.com.ar\/wp-content\/uploads\/2024\/09\/isologo-blanco-rigelec.png","contentUrl":"https:\/\/tienda.rigelec.com.ar\/wp-content\/uploads\/2024\/09\/isologo-blanco-rigelec.png","width":94,"height":97,"caption":"Tienda Rigelec"},"image":{"@id":"https:\/\/tienda.rigelec.com.ar\/#\/schema\/logo\/image\/"}}]}},"jetpack_sharing_enabled":true,"_links":{"self":[{"href":"https:\/\/tienda.rigelec.com.ar\/index.php?rest_route=\/wp\/v2\/product\/21873","targetHints":{"allow":["GET"]}}],"collection":[{"href":"https:\/\/tienda.rigelec.com.ar\/index.php?rest_route=\/wp\/v2\/product"}],"about":[{"href":"https:\/\/tienda.rigelec.com.ar\/index.php?rest_route=\/wp\/v2\/types\/product"}],"replies":[{"embeddable":true,"href":"https:\/\/tienda.rigelec.com.ar\/index.php?rest_route=%2Fwp%2Fv2%2Fcomments&post=21873"}],"wp:featuredmedia":[{"embeddable":true,"href":"https:\/\/tienda.rigelec.com.ar\/index.php?rest_route=\/wp\/v2\/media\/21874"}],"wp:attachment":[{"href":"https:\/\/tienda.rigelec.com.ar\/index.php?rest_route=%2Fwp%2Fv2%2Fmedia&parent=21873"}],"wp:term":[{"taxonomy":"product_brand","embeddable":true,"href":"https:\/\/tienda.rigelec.com.ar\/index.php?rest_route=%2Fwp%2Fv2%2Fproduct_brand&post=21873"},{"taxonomy":"product_cat","embeddable":true,"href":"https:\/\/tienda.rigelec.com.ar\/index.php?rest_route=%2Fwp%2Fv2%2Fproduct_cat&post=21873"},{"taxonomy":"product_tag","embeddable":true,"href":"https:\/\/tienda.rigelec.com.ar\/index.php?rest_route=%2Fwp%2Fv2%2Fproduct_tag&post=21873"}],"curies":[{"name":"wp","href":"https:\/\/api.w.org\/{rel}","templated":true}]}}